{"id":100,"date":"2024-01-09T12:27:56","date_gmt":"2024-01-09T11:27:56","guid":{"rendered":"https:\/\/menet.hu\/szakald\/?page_id=100"},"modified":"2024-01-09T12:27:56","modified_gmt":"2024-01-09T11:27:56","slug":"e-ugyintezes","status":"publish","type":"page","link":"https:\/\/szakald.hu\/?page_id=100","title":{"rendered":"E-\u00fcgyint\u00e9z\u00e9s"},"content":{"rendered":"<div class=\"page-header\">\n<h2>Int\u00e9zze \u00fcgyeit elektronikusan!<\/h2>\n<\/div>\n<div>\n<p><a name=\"top\"><\/a><\/p>\n<div><a href=\"https:\/\/ohp.asp.lgov.hu\/nyitolap\" target=\"_blank\" rel=\"noopener\"><img decoding=\"async\" src=\"https:\/\/szakald.hu\/resources\/minta\/ugyintezes.jpg\" alt=\"\" \/><img decoding=\"async\" src=\"https:\/\/szakald.hu\/images\/docs\/e-ugyintezes\/ugyintezes.jpg\" alt=\"ugyintezes\" \/><\/a>Szak\u00e1ld K\u00f6zs\u00e9g \u00d6nkorm\u00e1nyzata az elektronikus \u00fcgyint\u00e9z\u00e9s \u00e9s a bizalmi szolg\u00e1ltat\u00e1sok \u00e1ltal\u00e1nos szab\u00e1lyair\u00f3l sz\u00f3l\u00f3 2015. \u00e9vi CCXXII. t\u00f6rv\u00e9ny (E-\u00fcgyint\u00e9z\u00e9si tv.) alapj\u00e1n term\u00e9szetes \u00e9s jogi szem\u00e9ly \u00fcgyfelei sz\u00e1m\u00e1ra az \u00d6nkorm\u00e1nyzati Hivatali Port\u00e1lon vagy az elektronikus \u0171rlappal nem t\u00e1mogatottak \u00fcgyek eset\u00e9n az e-Pap\u00edr szolg\u00e1ltat\u00e1s seg\u00edts\u00e9g\u00e9vel lehet\u0151s\u00e9get biztos\u00edt az elektronikus \u00fcgyint\u00e9z\u00e9sre.<\/div>\n<p>Az E-\u00fcgyint\u00e9z\u00e9si tv. 9. \u00a7 (1) alapj\u00e1n a gazd\u00e1lkod\u00f3 szervezetek sz\u00e1m\u00e1ra\u00a0<strong>2018.01.01-t\u0151l k\u00f6telez\u0151 az elektronikus \u00fcgyint\u00e9z\u00e9s<\/strong>,\u00a0<strong>elektronikus \u00fcgyint\u00e9z\u00e9sre k\u00f6telezettekt\u0151l pap\u00edr alapon nem \u00e1ll m\u00f3dunkban \u00fcgyindit\u00f3 dokumentumot befogadni.<\/strong><br \/>\nAmennyiben az elektronikus \u00fcgyint\u00e9z\u00e9sre k\u00f6telezett gazd\u00e1lkod\u00f3 szervezet \u00fcgyf\u00e9l nem elektronikus \u00faton ny\u00fajtja be k\u00e9relm\u00e9t, akkor az \u00e1ltal\u00e1nos k\u00f6zigazgat\u00e1si rendtart\u00e1sr\u00f3l sz\u00f3l\u00f3 2016. \u00e9vi CL. t\u00f6rv\u00e9ny 46. \u00a7 (1) a) pontja \u00e9rtelm\u00e9ben a k\u00e9relem visszautas\u00edt\u00e1s\u00e1nak van helye.<\/p>\n<p><button class=\"accordion\">Gazd\u00e1lkod\u00f3 szervezet fogalma<\/button><\/p>\n<p>2018. \u00e9vben \u2013 a marad\u00e9ktalan elektronikus kommunik\u00e1ci\u00f3 megval\u00f3s\u00edt\u00e1sa \u00e9s a C\u00e9gkapu haszn\u00e1latra val\u00f3 megfelel\u0151 id\u0151t\u00e1v\u00fa felk\u00e9sz\u00fcl\u00e9s \u00e9rdek\u00e9ben \u2013 tov\u00e1bbra is a kor\u00e1bban m\u00e1r megszokott m\u00f3don kommunik\u00e1lhatnak elektronikus \u00faton a NAV-val. Az \u00c1ltal\u00e1nos Nyomtatv\u00e1nykit\u00f6lt\u0151 program (\u00c1NYK) seg\u00edts\u00e9g\u00e9vel az elektronikus t\u00e1rhelyen kereszt\u00fcl lehets\u00e9ges az egyes NAV \u00e1ltal rendszeres\u00edtett \u0171rlapok beny\u00fajt\u00e1sa.<\/p>\n<p>Tov\u00e1bbi t\u00e1j\u00e9koztat\u00e1s (az \u00e1tmeneti \u00e9vben az \u00fcgyfelek r\u00e9sz\u00e9r\u0151l a NAV fel\u00e9 k\u00fcldend\u0151 dokumentumok, valamint a NAV r\u00e9sz\u00e9r\u0151l az \u00fcgyfelek fel\u00e9 k\u00fcldend\u0151 dokumentumok eset\u00e9ben az elektronikus kommunik\u00e1ci\u00f3 folyamat\u00e1r\u00f3l):<\/p>\n<p><a href=\"https:\/\/www.nav.gov.hu\/nav\/fontos\/Tajekoztatas_a_Nemzet20180102.html?query=%22elektronikus+%C3%BCgyint%C3%A9z%C3%A9s%22\" target=\"_blank\" rel=\"noopener\">T\u00e1j\u00e9koztat\u00e1s a Nemzeti Ad\u00f3- \u00e9s V\u00e1mhivatal el\u0151tti elektronikus \u00fcgyint\u00e9z\u00e9s \u00e1ltal\u00e1nos szab\u00e1lyair\u00f3l<\/a><\/p>\n<p><strong>Ugr\u00e1s a tartalomhoz:<\/strong><\/p>\n<div>\u00bb\u00a0<a href=\"https:\/\/szakald.hu\/index.php\/e-ugyintezes#eugyintezes\">\u00d6nkorm\u00e1nyzati port\u00e1lon t\u00f6r\u00e9n\u0151 \u00fcgyint\u00e9z\u00e9s<\/a><br \/>\n\u00bb\u00a0<a href=\"https:\/\/szakald.hu\/index.php\/e-ugyintezes#epapir\">e-Pap\u00edr szolg\u00e1latat\u00e1s<\/a><br \/>\n\u00bb\u00a0<a href=\"https:\/\/szakald.hu\/index.php\/e-ugyintezes#efizetes\">Elektronikus fizet\u00e9s<\/a><br \/>\n\u00bb\u00a0<a href=\"https:\/\/szakald.hu\/index.php\/e-ugyintezes#cegkapu\">C\u00e9gkapu<\/a><br \/>\n\u00bb\u00a0<a href=\"https:\/\/szakald.hu\/index.php\/e-ugyintezes#tamogatas\">Felhaszn\u00e1l\u00f3i bejelent\u00e9sek, panaszok, m\u0171szaki t\u00e1mogat\u00e1s k\u00e9r\u00e9se<\/a><\/div>\n<p><strong>Az elektronikus \u00fcgyint\u00e9z\u00e9shez sz\u00fcks\u00e9ges a K\u00f6zponti Azonos\u00edt\u00e1si \u00dcgyn\u00f6k\u00f6n kereszt\u00fcli azonos\u00edt\u00e1s, az al\u00e1bbi m\u00f3dok egyik\u00e9n:<\/strong><\/p>\n<div><img decoding=\"async\" src=\"https:\/\/szakald.hu\/images\/docs\/e-ugyintezes\/kau.jpg\" alt=\"kau\" \/><\/div>\n<p><strong>1. \u00dcgyf\u00e9lkapu azonos\u00edt\u00e1s.<\/strong><\/p>\n<p>Az \u00dcgyf\u00e9lkapu olyan azonos\u00edt\u00e1si szolg\u00e1ltat\u00e1s, amely lehet\u0151v\u00e9 teszi, hogy a felhaszn\u00e1l\u00f3 biztons\u00e1gosan l\u00e9phessen kapcsolatba az elektronikus k\u00f6zigazgat\u00e1si \u00fcgyint\u00e9z\u00e9st ny\u00fajt\u00f3 szervezetekkel. \u00dcgyf\u00e9lkapu regisztr\u00e1ci\u00f3, tov\u00e1bbi inform\u00e1ci\u00f3:\u00a0<a href=\"https:\/\/ugyfelkapu.gov.hu\/\" target=\"_blank\" rel=\"noopener\">https:\/\/ugyfelkapu.gov.hu\/<\/a><\/p>\n<p><strong>2. R\u00e9szleges K\u00f3d\u00fa Telefonos Azonos\u00edt\u00e1s:<\/strong><\/p>\n<p>A telefonos azonos\u00edt\u00f3 \u00e9s a hozz\u00e1 tartoz\u00f3 jelsz\u00f3 birtok\u00e1ban van lehet\u0151s\u00e9g a webes fel\u00fcleten bejelentkez\u00e9sre \u00e9s a telefonh\u00edv\u00e1son kereszt\u00fcl t\u00f6rt\u00e9n\u0151 azonos\u00edt\u00e1sra. Ig\u00e9nyelhet\u0151 az okm\u00e1nyirod\u00e1kban \u00e9s korm\u00e1nyablakokban.\u00a0<strong>Korm\u00e1nyzati \u00dcgyf\u00e9lvonal: 1818<\/strong><\/p>\n<p><strong>3. Elektronikus szem\u00e9lyazonos\u00edt\u00f3 igazolv\u00e1ny, eSzem\u00e9lyi:<\/strong><\/p>\n<p>Az \u00faj, 2016. janu\u00e1r 1-j\u00e9t k\u00f6vet\u0151en kiadott elektronikus szem\u00e9lyazonos\u00edt\u00f3 igazolv\u00e1nnyal (eSzem\u00e9lyi) a sz\u00e1m\u00edt\u00f3g\u00e9p\u00e9hez csatlakoztatott k\u00e1rtyaolvas\u00f3 eszk\u00f6z, a telep\u00edtett eSzem\u00e9lyi Kliens k\u00e1rtyaolvas\u00f3 alkalmaz\u00e1s \u00e9s az \u00e1lland\u00f3 szem\u00e9lyazonos\u00edt\u00f3 igazolv\u00e1nyhoz tartoz\u00f3 PIN-k\u00f3d seg\u00edts\u00e9g\u00e9vel tudja azonos\u00edtani mag\u00e1t. Tov\u00e1bbi inform\u00e1ci\u00f3:\u00a0<a href=\"https:\/\/eszemelyi.hu\/\" target=\"_blank\" rel=\"noopener\">https:\/\/eszemelyi.hu\/<\/a><\/p>\n<p><a href=\"https:\/\/szakald.hu\/index.php\/e-ugyintezes#top\">[Vissza a lap tetej\u00e9re]<\/a><\/p>\n<p><strong>Az \u00d6nkorm\u00e1nyzati Hivatali Port\u00e1lon t\u00f6rt\u00e9n\u0151 \u00fcgyint\u00e9z\u00e9shez<\/strong>\u00a0(k\u00e9pre kattintva vagy linkr\u0151l ind\u00edtva:\u00a0<a href=\"https:\/\/ohp-20.asp.lgov.hu\/nyitolap\" target=\"_blank\" rel=\"noopener\">https:\/\/ohp-20.asp.lgov.hu\/nyitolap<\/a>)\u00a0<strong>v\u00e1lassza ki az \u00f6nkorm\u00e1nyzatot:<\/strong><\/p>\n<div><a href=\"https:\/\/ohp.asp.lgov.hu\/nyitolap\" target=\"_blank\" rel=\"noopener\"><img decoding=\"async\" src=\"https:\/\/szakald.hu\/images\/docs\/e-ugyintezes\/ugyintezes.jpg\" alt=\"ugyintezes\" width=\"1620\" \/><\/a><\/div>\n<p>Jelentkezzen be \u00fcgyf\u00e9lkapuj\u00e1val, majd v\u00e1lassza ki az \u00f6nkorm\u00e1nyzatot:<\/p>\n<div><a href=\"https:\/\/ohp-20.asp.lgov.hu\/kereses\" target=\"_blank\" rel=\"noopener\"><img decoding=\"async\" src=\"https:\/\/szakald.hu\/resources\/minta\/ugyfelkapu_azonositas.jpg\" alt=\"\" \/><img decoding=\"async\" src=\"https:\/\/szakald.hu\/images\/docs\/e-ugyintezes\/kereso.jpg\" alt=\"kereso\" \/><\/a><\/div>\n<p>Van lehet\u0151s\u00e9g a kiv\u00e1lasztott \u00f6nkorm\u00e1nyzat jel\u00f6l\u00e9s\u00e9re (kedvenc vagy alap\u00e9rtelmezett):<\/p>\n<div><img decoding=\"async\" src=\"https:\/\/szakald.hu\/resources\/minta\/onkormanyzat.jpg\" alt=\"\" \/><img decoding=\"async\" src=\"https:\/\/szakald.hu\/images\/docs\/e-ugyintezes\/onkormanyzat.jpg\" alt=\"onkormanyzat\" \/><\/div>\n<p><strong>V\u00e1lasszon a Port\u00e1l szolg\u00e1ltat\u00e1sok k\u00f6z\u00fcl:<\/strong><\/p>\n<div><img decoding=\"async\" src=\"https:\/\/szakald.hu\/resources\/minta\/szolgaltatas.jpg\" alt=\"\" \/><img decoding=\"async\" src=\"https:\/\/szakald.hu\/images\/docs\/e-ugyintezes\/szolgaltatas.jpg\" alt=\"szolgaltatas\" \/><\/div>\n<p><strong>\u00dcgyk\u00f6vet\u00e9s:<\/strong>\u00a0K\u00e9rhet t\u00e1j\u00e9koztat\u00e1st a kiv\u00e1lasztott telep\u00fcl\u00e9sn\u00e9l folyamatban lev\u0151, elektronikusan ind\u00edtott \u00fcgy\u00e9nek \u00fcgyint\u00e9z\u00e9si \u00e1llapot\u00e1r\u00f3l.<\/p>\n<p><strong>Ad\u00f3egyenleg lek\u00e9rdez\u00e9s:<\/strong>\u00a0Lek\u00e9rdezheti az adott telep\u00fcl\u00e9shez tartoz\u00f3 ad\u00f3hat\u00f3s\u00e1gn\u00e1l fenn\u00e1ll\u00f3 helyi ad\u00f3egyenleg\u00e9t, vagy k\u00e9pviseleti joggal felruh\u00e1zott szem\u00e9lyk\u00e9nt azon (term\u00e9szetes vagy jogi) szem\u00e9lyek egyenleg\u00e9t, amelyekkel kapcsolatban az \u00f6nkorm\u00e1nyzatn\u00e1l jogosult elj\u00e1rni.<\/p>\n<p><strong>\u00dcgyind\u00edt\u00e1s:<\/strong>\u00a0\u00dcgyet ind\u00edthat a kiv\u00e1lasztott telep\u00fcl\u00e9sn\u00e9l elektronikus \u0171rlap kit\u00f6lt\u00e9s\u00e9vel \u00e9s bek\u00fcld\u00e9s\u00e9vel:<\/p>\n<ol>\n<li>V\u00e1lassza ki az \u00fcgyt\u00edpust, amelyet int\u00e9zni szeretne<\/li>\n<li>V\u00e1lassza ki az Elj\u00e1r\u00e1s m\u00f3dja mez\u0151ben, hogy Saj\u00e1t nev\u00e9ben vagy Meghatalmazottk\u00e9nt\/k\u00e9pvisel\u0151k\u00e9nt k\u00edv\u00e1nja beny\u00fajtani az elektronikus \u0171rlapot<\/li>\n<li>V\u00e1lassza ki az \u00fcgyt\u00edpust, t\u00f6ltse ki az iFORM \u0171rlapot, majd ellen\u0151rz\u00e9st k\u00f6vet\u0151en ny\u00fajtsa be<br \/>\nVan lehet\u0151s\u00e9g az elektronikus \u0171rlapkit\u00f6lt\u00e9s sor\u00e1n kor\u00e1bban mentett \u0171rlapok megnyit\u00e1s\u00e1ra<\/li>\n<\/ol>\n<p><strong>Sikeres felad\u00e1st k\u00f6vet\u0151en:<\/strong>\u00a0A sikeres felad\u00e1sr\u00f3l Felad\u00e1si igazol\u00e1st kap szem\u00e9lyes \u00dcgyf\u00e9lkapuj\u00e1nak \u00c9rtes\u00edt\u00e9si t\u00e1rhely\u00e9re. A felad\u00e1st k\u00f6vet\u0151en figyelje t\u00e1rhely\u00e9t, mert az \u00f6nkorm\u00e1nyzat v\u00e1lasz\u00e1t oda fogja elk\u00fcldeni.<br \/>\nAz \u00e9rtes\u00edt\u00e9si t\u00e1rhely azonos\u00edt\u00e1st k\u00f6vet\u0151en el\u00e9rhet\u0151:\u00a0<a href=\"https:\/\/tarhely.gov.hu\/levelezes\/uzenetek\/beerkezett\" target=\"_blank\" rel=\"noopener\">https:\/\/tarhely.gov.hu\/levelezes\/uzenetek\/beerkezett<\/a><br \/>\nA t\u00e1rhely a be\u00e9rkez\u0151 dokumentumokat, igazol\u00e1sokat, nyugt\u00e1kat 30 napig t\u00e1rolja. Azokat a dokumentumokat, amelyeket hosszabb ideig szeretne meg\u0151rizni, \u00e1tmozgathatja a Tart\u00f3st\u00e1rba.<\/p>\n<p><a href=\"https:\/\/szakald.hu\/index.php\/e-ugyintezes#top\">[Vissza a lap tetej\u00e9re]<\/a><a name=\"epapir\"><\/a><\/p>\n<h3>Elektronikus \u0171rlappal nem t\u00e1mogatottak \u00fcgyek eset\u00e9n az \u00f6nkorm\u00e1nyzat az e-Pap\u00edr szolg\u00e1ltat\u00e1s seg\u00edts\u00e9g\u00e9vel biztos\u00edtja az elektronikus, hiteles\u00edtett levelez\u00e9st, \u00fcgyind\u00edt\u00e1st.<\/h3>\n<div><a href=\"https:\/\/epapir.gov.hu\/\" target=\"_blank\" rel=\"noopener\"><img decoding=\"async\" src=\"https:\/\/szakald.hu\/resources\/minta\/epapir.jpg\" alt=\"\" \/><img decoding=\"async\" src=\"https:\/\/szakald.hu\/images\/docs\/e-ugyintezes\/epapir.jpg\" alt=\"epapir\" \/><\/a><\/div>\n<p>Az \u00e1llampolg\u00e1rok az \u00dcgyf\u00e9lkapuval t\u00f6rt\u00e9n\u0151 azonos\u00edt\u00e1st k\u00f6vet\u0151en \u00e1ll\u00edthatj\u00e1k \u00f6ssze k\u00fcldem\u00e9ny\u00fcket, szabad sz\u00f6veges mez\u0151ben meg\u00edrhatj\u00e1k, hogy milyen okb\u00f3l fordulnak az \u00f6nkorm\u00e1nyzathoz.<\/p>\n<p>Bejelentkez\u00e9s ut\u00e1n a megjelen\u0151 \u0171rlapon adja meg\/leny\u00edl\u00f3 men\u00fcb\u0151l v\u00e1lassza ki a t\u00e9macsoportot, \u00fcgyt\u00edpust, c\u00edmzettet (az \u00f6nkorm\u00e1nyzatot), lev\u00e9l t\u00e1rgy\u00e1t, a lev\u00e9l sz\u00f6veg\u00e9t. A k\u00e9relemhez mell\u00e9kleteket csatolhatnak. Az e-Pap\u00edr szolg\u00e1ltat\u00e1s el\u00e9rhet\u0151s\u00e9ge:\u00a0<a href=\"https:\/\/epapir.gov.hu\/\" target=\"_blank\" rel=\"noopener\">https:\/\/epapir.gov.hu<\/a><\/p>\n<p><a href=\"https:\/\/szakald.hu\/index.php\/e-ugyintezes#top\">[Vissza a lap tetej\u00e9re]<\/a><a name=\"efizetes\"><\/a><\/p>\n<h3>Elektronikus fizet\u00e9s<\/h3>\n<div><img decoding=\"async\" src=\"https:\/\/szakald.hu\/resources\/minta\/elektronikusfizetes.jpg\" alt=\"\" \/><img decoding=\"async\" src=\"https:\/\/szakald.hu\/images\/docs\/e-ugyintezes\/elektronikusfizetes.jpg\" alt=\"elektronikusfizetes\" \/><\/div>\n<p>Az E-\u00fcgyint\u00e9z\u00e9si t\u00f6rv\u00e9ny alapj\u00e1n a gazd\u00e1lkod\u00f3 szervezet \u00fcgyf\u00e9l k\u00f6teles, a term\u00e9szetes szem\u00e9ly \u00fcgyf\u00e9l jogosult az \u00fcgye sor\u00e1n az \u00fcgyint\u00e9z\u00e9s\u00e9rt fizetend\u0151 k\u00f6zterheket, adminisztrat\u00edv d\u00edjakat, valamint a szolg\u00e1ltat\u00e1sok ellen\u00e9rt\u00e9k\u00e9t elektronikus \u00faton megfizetni.<\/p>\n<p>Az ad\u00f3igazgat\u00e1si elj\u00e1r\u00e1s r\u00e9szletszab\u00e1lyair\u00f3l sz\u00f3l\u00f3 465\/2017. (XII. 28.) Korm. rendelet 20. \u00a7 (1) bekezd\u00e9se alapj\u00e1n\u00a0<strong>a p\u00e9nzforgalmi sz\u00e1mlanyit\u00e1sra k\u00f6telezett ad\u00f3z\u00f3 a fizet\u00e9si k\u00f6telezetts\u00e9g\u00e9t belf\u00f6ldi p\u00e9nzforgalmi sz\u00e1ml\u00e1j\u00e1r\u00f3l t\u00f6rt\u00e9n\u0151 \u00e1tutal\u00e1ssal k\u00f6teles teljes\u00edteni.<\/strong><\/p>\n<p>Az elektronikus fizet\u00e9s jelenleg az al\u00e1bbi fizet\u00e9si sz\u00e1ml\u00e1ra teljes\u00edthet\u0151 \u00e1tutal\u00e1ssal:<\/p>\n<p><strong>Szak\u00e1ld K\u00f6zs\u00e9g \u00d6nkorm\u00e1nyzata, fizet\u00e9si sz\u00e1mla sz\u00e1ma:&#8230;&#8230;&#8230;&#8230;&#8230;&#8230;&#8230;&#8230;&#8230;&#8230;&#8230;&#8230;..<\/strong><\/p>\n<p>K\u00e9rj\u00fck, befizet\u00e9skor az \u00e1tutal\u00e1s k\u00f6zlem\u00e9ny rovat\u00e1ban \u2013 amennyiben ismert \u2013 az \u00e9rkeztet\u0151 azonos\u00edt\u00f3 vagy az iktat\u00f3sz\u00e1m\u00e1t, ennek hi\u00e1ny\u00e1ban az \u00fcgyf\u00e9l nev\u00e9t \u00e9s az \u00fcgy t\u00edpus\u00e1t felt\u00fcntetni.<\/p>\n<p><a href=\"https:\/\/szakald.hu\/index.php\/e-ugyintezes#top\">[Vissza a lap tetej\u00e9re]<\/a><a name=\"cegkapu\"><\/a><\/p>\n<h3>C\u00e9gkapu<\/h3>\n<div><a href=\"https:\/\/cegkapu.gov.hu\/\" target=\"_blank\" rel=\"noopener\"><img decoding=\"async\" src=\"https:\/\/szakald.hu\/resources\/minta\/cegkapu.jpg\" alt=\"\" \/><img decoding=\"async\" src=\"https:\/\/szakald.hu\/images\/docs\/e-ugyintezes\/cegkapu.jpg\" alt=\"cegkapu\" \/><\/a><\/div>\n<p>Az E-\u00fcgyint\u00e9z\u00e9si tv. 2018. janu\u00e1r 1-t\u0151l k\u00f6telez\u0151v\u00e9 teszi a gazd\u00e1lkod\u00f3 szervezetek sz\u00e1m\u00e1ra az \u00e1llammal val\u00f3 elektronikus kapcsolattart\u00e1st \u00e9s az ehhez sz\u00fcks\u00e9ges hivatalos el\u00e9rhet\u0151s\u00e9gr\u0151l t\u00f6rt\u00e9n\u0151 dokumentumk\u00fcld\u00e9st \u00e9s az azon t\u00f6rt\u00e9n\u0151 fogad\u00e1st, melynek teljes\u00edt\u00e9s\u00e9hez az \u00e1llam a gazd\u00e1lkod\u00f3 szervezetek sz\u00e1m\u00e1ra C\u00e9gkapu szolg\u00e1ltat\u00e1st biztos\u00edt. Az egy\u00e9ni v\u00e1llalkoz\u00f3k tov\u00e1bbra is az \u00fcgyf\u00e9lkapu szolg\u00e1ltat\u00e1ssal jogosultak az elektronikus kapcsolattart\u00e1sra, C\u00e9gkapu regisztr\u00e1ci\u00f3s k\u00f6telezetts\u00e9g ezt a k\u00f6rt nem \u00e9rinti. A c\u00e9gkapu regisztr\u00e1ci\u00f3 elv\u00e9gezhet\u0151:\u00a0<a href=\"https:\/\/cegkapu.gov.hu\/\" target=\"_blank\" rel=\"noopener\">https:\/\/cegkapu.gov.hu<\/a><\/p>\n<p><a name=\"tamogatas\"><\/a><\/p>\n<h3>Felhaszn\u00e1l\u00f3i bejelent\u00e9sek, panaszok, m\u0171szaki t\u00e1mogat\u00e1s k\u00e9r\u00e9se<\/h3>\n<p>A k\u00f6zponti szolg\u00e1ltat\u00e1sok \u00fczemeltet\u0151je a NISZ Zrt. az \u00e1llampolg\u00e1rok \u00e9s gazdas\u00e1gi t\u00e1rsas\u00e1gok sz\u00e1m\u00e1ra a felhaszn\u00e1l\u00f3i bejelent\u00e9sek, panaszok, m\u0171szaki t\u00e1mogat\u00e1s k\u00e9r\u00e9se c\u00e9lj\u00e1b\u00f3l az \u00e1llampolg\u00e1rok \u00e9s gazdas\u00e1gi t\u00e1rsas\u00e1gok sz\u00e1m\u00e1ra az al\u00e1bbi el\u00e9rhet\u0151s\u00e9geken, \u00e9s m\u00f3don ny\u00fajt t\u00e1mogat\u00e1st:<\/p>\n<p><strong>Korm\u00e1nyzati \u00dcgyf\u00e9lvonal (1818)<\/strong><\/p>\n<p>Telefonos \u00e9s elektronikus \u00fcgyf\u00e9lszolg\u00e1lat<br \/>\nTelefon:1818<br \/>\nK\u00fclf\u00f6ldr\u0151l: +36 (1) 550-1858<br \/>\nE-mail:<span id=\"cloakef7d1b7ffcaf93fb04252cf4403ae9e9\"><a href=\"mailto:ekozig@1818.hu\">ekozig@1818.hu<\/a><\/span><br \/>\nChat: &#8211;<\/p>\n<p>Az \u00f6nkorm\u00e1nyzat el\u00e9rhet\u0151s\u00e9gei:<\/p>\n<p>N\u00e9v:\u00a0<strong>Szak\u00e1ld K\u00f6zs\u00e9g \u00d6nkorm\u00e1nyzata<\/strong><\/p>\n<p>C\u00edm: 3596 Szak\u00e1ld, Aradi u. 4<br \/>\nTelefon: 46\/391-238<br \/>\nFax: 46\/391-238<br \/>\nE-mail:\u00a0<span id=\"cloak111154dbacb0162968ccc4be086223d6\"><a href=\"mailto:szakaldpolghiv@gmail.com\">szakaldpolghiv@gmail.com<\/a><\/span><br \/>\nWeb:\u00a0<a href=\"http:\/\/www.szakald.hu\/\">www.szakald.hu<\/a><\/p>\n<\/div>\n","protected":false},"excerpt":{"rendered":"<p>Int\u00e9zze \u00fcgyeit elektronikusan! Szak\u00e1ld K\u00f6zs\u00e9g \u00d6nkorm\u00e1nyzata az elektronikus \u00fcgyint\u00e9z\u00e9s \u00e9s a bizalmi szolg\u00e1ltat\u00e1sok \u00e1ltal\u00e1nos szab\u00e1lyair\u00f3l sz\u00f3l\u00f3 2015. \u00e9vi CCXXII. t\u00f6rv\u00e9ny (E-\u00fcgyint\u00e9z\u00e9si tv.) alapj\u00e1n term\u00e9szetes \u00e9s&hellip;<\/p>\n","protected":false},"author":1,"featured_media":0,"parent":0,"menu_order":0,"comment_status":"closed","ping_status":"closed","template":"","meta":{"footnotes":""},"class_list":["post-100","page","type-page","status-publish","hentry"],"_links":{"self":[{"href":"https:\/\/szakald.hu\/index.php?rest_route=\/wp\/v2\/pages\/100","targetHints":{"allow":["GET"]}}],"collection":[{"href":"https:\/\/szakald.hu\/index.php?rest_route=\/wp\/v2\/pages"}],"about":[{"href":"https:\/\/szakald.hu\/index.php?rest_route=\/wp\/v2\/types\/page"}],"author":[{"embeddable":true,"href":"https:\/\/szakald.hu\/index.php?rest_route=\/wp\/v2\/users\/1"}],"replies":[{"embeddable":true,"href":"https:\/\/szakald.hu\/index.php?rest_route=%2Fwp%2Fv2%2Fcomments&post=100"}],"version-history":[{"count":1,"href":"https:\/\/szakald.hu\/index.php?rest_route=\/wp\/v2\/pages\/100\/revisions"}],"predecessor-version":[{"id":101,"href":"https:\/\/szakald.hu\/index.php?rest_route=\/wp\/v2\/pages\/100\/revisions\/101"}],"wp:attachment":[{"href":"https:\/\/szakald.hu\/index.php?rest_route=%2Fwp%2Fv2%2Fmedia&parent=100"}],"curies":[{"name":"wp","href":"https:\/\/api.w.org\/{rel}","templated":true}]}}