{"id":104,"date":"2024-01-09T12:28:40","date_gmt":"2024-01-09T11:28:40","guid":{"rendered":"https:\/\/menet.hu\/szakald\/?page_id=104"},"modified":"2024-05-17T16:26:57","modified_gmt":"2024-05-17T14:26:57","slug":"valasztasi-szervek","status":"publish","type":"page","link":"https:\/\/szakald.hu\/?page_id=104","title":{"rendered":"V\u00e1laszt\u00e1si szervek"},"content":{"rendered":"<h3><strong>Nemesbikk Helyi V\u00e1laszt\u00e1si Iroda<\/strong><\/h3>\n<p>Vezet\u0151je: Dr.V\u00e1g\u00f3-Gorta T\u00fcnde jegyz\u0151<b><br aria-hidden=\"true\" \/><\/b><\/p>\n<p><b>C\u00edm:<\/b>\u00a03592 Nemesbikk, Pet\u0151fi \u00fat 13.sz.<br aria-hidden=\"true\" \/><strong>Telefonsz\u00e1ma:<\/strong>\u00a046\/ 49- 458-802, 458-803<br aria-hidden=\"true\" \/><strong>E-mail:<\/strong>\u00a0<a class=\"x_moz-txt-link-freetext\" href=\"mailto:jegyzo@nemesbikk.hu\" data-linkindex=\"0\">jegyzo@nemesbikk.hu<\/a><\/p>\n<h3><strong>V\u00e1laszt\u00e1si bizotts\u00e1g el\u00e9rhet\u0151s\u00e9gei:<\/strong><\/h3>\n<p>C\u00edm: 3596 Szak\u00e1ld, Aradi utca 4.<br \/>\nTel: 0646\/391-238<\/p>\n<hr \/>\n<h3><strong>V\u00e1laszt\u00e1si bizotts\u00e1g<\/strong><\/h3>\n<p>Lov\u00e1sz Gyula eln\u00f6k<br \/>\nBuza Zsoltn\u00e9 eln\u00f6khelyettes<br \/>\nBuza Istv\u00e1nn\u00e9 tag<br \/>\nBodn\u00e1r S\u00e1ndorn\u00e9 tag<br \/>\nGergelyn\u00e9 Kov\u00e1cs Anita tag<br \/>\nT\u00e1n Ang\u00e9la p\u00f3ttag<br \/>\nBori Nikoletta p\u00f3ttag<\/p>\n<hr \/>\n<h2>Jegyz\u0151k\u00f6nyvek<\/h2>\n<p><a href=\"https:\/\/szakald.hu\/valasztasok\/2024\/jkv\/hvb_jkv_20240514.pdf\" target=\"_blank\" rel=\"noopener\">2024.05.14.<\/a><br \/>\n<a href=\"https:\/\/szakald.hu\/valasztasok\/2024\/jkv\/hvb_jkv_20240506.pdf\" target=\"_blank\" rel=\"noopener\">2024.05.06.<\/a><br \/>\n<a href=\"https:\/\/szakald.hu\/valasztasok\/2024\/jkv\/hvb_jkv_20240503.pdf\" target=\"_blank\" rel=\"noopener\">2024.05.03.<\/a><br \/>\n<a href=\"https:\/\/szakald.hu\/valasztasok\/2024\/jkv\/hvb_jkv_20240430.pdf\" target=\"_blank\" rel=\"noopener\">2024.04.30.<\/a><br \/>\n<a href=\"https:\/\/szakald.hu\/valasztasok\/2024\/jkv\/hvb_jkv_20240426.pdf\" target=\"_blank\" rel=\"noopener\">2024.04.26.<\/a><\/p>\n<hr \/>\n<h2>Hat\u00e1rozatok<\/h2>\n<p><a href=\"https:\/\/szakald.hu\/valasztasok\/2024\/hatarozatok\/3_2024_hvb.pdf\" target=\"_blank\" rel=\"noopener\">3\/2024.(IV.26.) hat\u00e1rozat: L\u00e1szl\u00f3 Attila<\/a><br \/>\n<a href=\"https:\/\/szakald.hu\/valasztasok\/2024\/hatarozatok\/4_2024_hvb.pdf\" target=\"_blank\" rel=\"noopener\">4\/2024.(IV.30.) hat\u00e1rozat: Huly\u00e1k S\u00e1ndor<\/a><br \/>\n<a href=\"https:\/\/szakald.hu\/valasztasok\/2024\/hatarozatok\/5_2024_hvb.pdf\" target=\"_blank\" rel=\"noopener\">5\/2024.(IV.30.) hat\u00e1rozat: Tr\u00e9zsi L\u00e1szl\u00f3 P\u00e9ter<\/a><br \/>\n<a href=\"https:\/\/szakald.hu\/valasztasok\/2024\/hatarozatok\/6_2024_hvb.pdf\" target=\"_blank\" rel=\"noopener\">6\/2024.(IV.30.) hat\u00e1rozat: Kiss Iv\u00e1n<\/a><br \/>\n<a href=\"https:\/\/szakald.hu\/valasztasok\/2024\/hatarozatok\/7_2024_hvb.pdf\" target=\"_blank\" rel=\"noopener\">7\/2024.(V.3.) hat\u00e1rozat: Helczman P\u00e9ter<\/a><br \/>\n<a href=\"https:\/\/szakald.hu\/valasztasok\/2024\/hatarozatok\/8_2024_hvb.pdf\" target=\"_blank\" rel=\"noopener\">8\/2024.(V.3.) hat\u00e1rozat: Pocsain\u00e9 K\u00e9sely Be\u00e1ta<\/a><br \/>\n<a href=\"https:\/\/szakald.hu\/valasztasok\/2024\/hatarozatok\/9_2024_hvb.pdf\" target=\"_blank\" rel=\"noopener\">9\/2024.(V.3.) hat\u00e1rozat: Berecz S\u00e1ndor<\/a><br \/>\n<a href=\"https:\/\/szakald.hu\/valasztasok\/2024\/hatarozatok\/10_2024_hvb.pdf\" target=\"_blank\" rel=\"noopener\">10\/2024.(V.3.) hat\u00e1rozat: Gedrus J\u00e1nos<\/a><br \/>\n<a href=\"https:\/\/szakald.hu\/valasztasok\/2024\/hatarozatok\/11_2024_hvb.pdf\" target=\"_blank\" rel=\"noopener\">11\/2024.(V.9.) hat\u00e1rozat: Kov\u00e1csn\u00e9 Honti Anett<\/a><br \/>\n<a href=\"https:\/\/szakald.hu\/valasztasok\/2024\/hatarozatok\/12_2024_hvb.pdf\" target=\"_blank\" rel=\"noopener\">12\/2024.(V.9.) hat\u00e1rozat: Barta Zsolt<\/a><br \/>\n<a href=\"https:\/\/szakald.hu\/valasztasok\/2024\/hatarozatok\/13_2024_hvb.pdf\" target=\"_blank\" rel=\"noopener\">13\/2024.(V.9.) hat\u00e1rozat: polg\u00e1rmester jel\u00f6ltek sorrendj\u00e9nek sorsol\u00e1ssal t\u00f6rt\u00e9n\u0151 meg\u00e1llap\u00edt\u00e1s\u00e1r\u00f3l<\/a><br \/>\n<a href=\"https:\/\/szakald.hu\/valasztasok\/2024\/hatarozatok\/14_2024_hvb.pdf\" target=\"_blank\" rel=\"noopener\">14\/2024.(V.9.) hat\u00e1rozat: egy\u00e9ni list\u00e1s jel\u00f6ltek sorrendj\u00e9nek sorsol\u00e1ssal t\u00f6rt\u00e9n\u0151 meg\u00e1llap\u00edt\u00e1s\u00e1r\u00f3l<\/a><br \/>\n<a href=\"https:\/\/szakald.hu\/valasztasok\/2024\/hatarozatok\/15_2024_hvb.pdf\" target=\"_blank\" rel=\"noopener\">15\/2024.(V.14.) hat\u00e1rozat a polg\u00e1rmester jel\u00f6lt v\u00e1laszt\u00e1sa sor\u00e1n alkalmazand\u00f3 szavaz\u00f3lap-minta adattartalma t\u00e1rgy\u00e1ban<\/a><br \/>\n<a href=\"https:\/\/szakald.hu\/valasztasok\/2024\/hatarozatok\/16_2024_hvb.pdf\" target=\"_blank\" rel=\"noopener\">16\/2024.(V.14.) hat\u00e1rozat az egy\u00e9ni list\u00e1s k\u00e9pvisel jel\u00f6lt v\u00e1laszt\u00e1sa sor\u00e1n alkalmazand\u00f3 szavaz\u00f3lap-minta adattartalma t\u00e1rgy\u00e1ban<\/a><\/p>\n<p>&nbsp;<\/p>\n","protected":false},"excerpt":{"rendered":"<p>Nemesbikk Helyi V\u00e1laszt\u00e1si Iroda Vezet\u0151je: Dr.V\u00e1g\u00f3-Gorta T\u00fcnde jegyz\u0151 C\u00edm:\u00a03592 Nemesbikk, Pet\u0151fi \u00fat 13.sz.Telefonsz\u00e1ma:\u00a046\/ 49- 458-802, 458-803E-mail:\u00a0jegyzo@nemesbikk.hu V\u00e1laszt\u00e1si bizotts\u00e1g el\u00e9rhet\u0151s\u00e9gei: C\u00edm: 3596 Szak\u00e1ld, Aradi utca 4.&hellip;<\/p>\n","protected":false},"author":1,"featured_media":0,"parent":0,"menu_order":0,"comment_status":"closed","ping_status":"closed","template":"","meta":{"footnotes":""},"class_list":["post-104","page","type-page","status-publish","hentry"],"_links":{"self":[{"href":"https:\/\/szakald.hu\/index.php?rest_route=\/wp\/v2\/pages\/104","targetHints":{"allow":["GET"]}}],"collection":[{"href":"https:\/\/szakald.hu\/index.php?rest_route=\/wp\/v2\/pages"}],"about":[{"href":"https:\/\/szakald.hu\/index.php?rest_route=\/wp\/v2\/types\/page"}],"author":[{"embeddable":true,"href":"https:\/\/szakald.hu\/index.php?rest_route=\/wp\/v2\/users\/1"}],"replies":[{"embeddable":true,"href":"https:\/\/szakald.hu\/index.php?rest_route=%2Fwp%2Fv2%2Fcomments&post=104"}],"version-history":[{"count":18,"href":"https:\/\/szakald.hu\/index.php?rest_route=\/wp\/v2\/pages\/104\/revisions"}],"predecessor-version":[{"id":289,"href":"https:\/\/szakald.hu\/index.php?rest_route=\/wp\/v2\/pages\/104\/revisions\/289"}],"wp:attachment":[{"href":"https:\/\/szakald.hu\/index.php?rest_route=%2Fwp%2Fv2%2Fmedia&parent=104"}],"curies":[{"name":"wp","href":"https:\/\/api.w.org\/{rel}","templated":true}]}}