{"id":236,"date":"2024-02-14T09:15:20","date_gmt":"2024-02-14T08:15:20","guid":{"rendered":"https:\/\/szakald.hu\/?page_id=236"},"modified":"2026-01-30T13:44:15","modified_gmt":"2026-01-30T12:44:15","slug":"2-7-a-szerv-dontesei-koncepciok-tervezetek-javaslatok","status":"publish","type":"page","link":"https:\/\/szakald.hu\/?page_id=236","title":{"rendered":"2.7. A szerv d\u00f6nt\u00e9sei, koncepci\u00f3k, tervezetek, javaslatok"},"content":{"rendered":"<h2>Nemzeti Jogszab\u00e1lyt\u00e1r<\/h2>\n<p><a href=\"https:\/\/or.njt.hu\/\" target=\"_blank\" rel=\"noopener\">\u00d6nkorm\u00e1nyzati rendeletek<\/a><\/p>\n<hr \/>\n<blockquote><p><strong>2021<\/strong><\/p><\/blockquote>\n<p><a href=\"https:\/\/szakald.hu\/kozerdeku\/tevekenyseg\/rendeletek\/2021\/1per2021.pdf\" target=\"_blank\" rel=\"noopener\"><strong>1\/2021.(III.11.)<\/strong> Az \u00f6nkorm\u00e1nyzat 2021. \u00e9vi k\u00f6lts\u00e9gvet\u00e9s\u00e9r\u0151l<\/a><br \/>\n<a href=\"https:\/\/szakald.hu\/kozerdeku\/tevekenyseg\/rendeletek\/2021\/2per2021.pdf\" target=\"_blank\" rel=\"noopener\"><strong>2\/2021.(V.28.)<\/strong> Az \u00f6nkorm\u00e1nyzat 2020. \u00e9vi k\u00f6lts\u00e9gvet\u00e9s\u00e9r\u0151l sz\u00f3l\u00f3 1\/2020.(III.16.) \u00f6nkorm\u00e1nyzati rendelet m\u00f3dos\u00edt\u00e1s\u00e1r\u00f3l<\/a><br \/>\n<a href=\"https:\/\/szakald.hu\/kozerdeku\/tevekenyseg\/rendeletek\/2021\/3per2021.pdf\" target=\"_blank\" rel=\"noopener\"><strong>3\/2021.(V.28.)<\/strong> A 2020. \u00e9vi p\u00e9nz\u00fcgyi terv v\u00e9grehajt\u00e1s\u00e1r\u00f3l<\/a><\/p>\n<hr \/>\n<blockquote><p><strong>2019<\/strong><\/p><\/blockquote>\n<p><a href=\"https:\/\/szakald.hu\/kozerdeku\/tevekenyseg\/rendeletek\/2019\/1per2019.pdf\" target=\"_blank\" rel=\"noopener\"><strong>1\/2019 (II.22.)<\/strong> Az \u00f6nkorm\u00e1nyzat 2019. \u00e9vi k\u00f6lts\u00e9gvet\u00e9s\u00e9r\u0151l<\/a><\/p>\n<p><a href=\"https:\/\/szakald.hu\/kozerdeku\/tevekenyseg\/rendeletek\/2019\/2per2019.pdf\" target=\"_blank\" rel=\"noopener\"><strong>2\/2019 (III.07.)<\/strong> Az \u00f6nkorm\u00e1nyzat 2019. \u00e9vi k\u00f6lts\u00e9gvet\u00e9s\u00e9r\u0151l sz\u00f3l\u00f3 1\/2019(II.22.) rendelet m\u00f3dos\u00edt\u00e1s\u00e1rasz\u00f3l\u00f3 1\/2019(II.22.) rendelet m\u00f3dos\u00edt\u00e1s\u00e1ra<\/a><\/p>\n<p><a href=\"https:\/\/szakald.hu\/kozerdeku\/tevekenyseg\/rendeletek\/2019\/3per2019.pdf\" target=\"_blank\" rel=\"noopener\"><strong>3\/2019 (VI.03.)<\/strong> Az \u00f6nkorm\u00e1nyzat 2018. \u00e9vi k\u00f6lts\u00e9gvet\u00e9s\u00e9r\u0151lsz\u00f3l\u00f3 1\/2018(III.08.) rendelet m\u00f3dos\u00edt\u00e1s\u00e1rasz\u00f3l\u00f3 1\/2018(III.08.) rendelet m\u00f3dos\u00edt\u00e1s\u00e1ra<\/a><\/p>\n<p><a href=\"https:\/\/szakald.hu\/kozerdeku\/tevekenyseg\/rendeletek\/2019\/5per2019.pdf\" target=\"_blank\" rel=\"noopener\"><strong>5\/2019 (VII.25.)<\/strong> A telep\u00fcl\u00e9sk\u00e9p v\u00e9delm\u00e9r\u0151l sz\u00f3l\u00f3 8\/2018(XII.13.) rendelet m\u00f3dos\u00edt\u00e1s\u00e1ra<\/a><\/p>\n<p><a href=\"https:\/\/szakald.hu\/kozerdeku\/tevekenyseg\/rendeletek\/2019\/6per2019.pdf\" target=\"_blank\" rel=\"noopener\"><strong>6\/2019 (VIII.26.)<\/strong> A K\u00e9pvisel\u0151-test\u00fclet szervei Szervezeti \u00e9s M\u0171k\u00f6d\u00e9si Szab\u00e1lyzat\u00e1r\u00f3l<\/a><\/p>\n<p><a href=\"https:\/\/szakald.hu\/kozerdeku\/tevekenyseg\/rendeletek\/2019\/7per2019.pdf\" target=\"_blank\" rel=\"noopener\"><strong>7\/2019 (X.28.)<\/strong> A telep\u00fcl\u00e9si k\u00e9pvisel\u0151k tiszteletd\u00edj\u00e1r\u00f3l, term\u00e9szetbeni juttat\u00e1sair\u00f3l \u00e9s k\u00f6lts\u00e9gt\u00e9r\u00edt\u00e9s\u00e9r\u0151l<\/a><\/p>\n<hr \/>\n<blockquote><p><strong>2018<\/strong><\/p><\/blockquote>\n<p><a href=\"https:\/\/szakald.hu\/kozerdeku\/tevekenyseg\/rendeletek\/2018\/1per2018.pdf\" target=\"_blank\" rel=\"noopener\"><strong>1\/2018 (III.08)<\/strong> Az \u00f6nkorm\u00e1nyzat 2018. \u00e9vi k\u00f6lts\u00e9gvet\u00e9s\u00e9r\u0151l<\/a><\/p>\n<p><a href=\"https:\/\/szakald.hu\/kozerdeku\/tevekenyseg\/rendeletek\/2018\/2per2018.pdf\" target=\"_blank\" rel=\"noopener\"><strong>2\/2018 (V.31.)<\/strong> Az \u00f6nkorm\u00e1nyzat 2017. \u00e9vi k\u00f6lts\u00e9gvet\u00e9se v\u00e9grehajt\u00e1s\u00e1r\u00f3l<\/a><\/p>\n<p><a href=\"https:\/\/szakald.hu\/kozerdeku\/tevekenyseg\/rendeletek\/2018\/3per2018.pdf\" target=\"_blank\" rel=\"noopener\"><strong>3\/2018 (VI.14.)<\/strong> A K\u00e9pvisel\u0151-test\u00fclet \u00e9s szervei Szervezeti \u00e9s M\u0171k\u00f6d\u00e9si Szab\u00e1lyzat\u00e1r\u00f3l<\/a><\/p>\n<p><a href=\"https:\/\/szakald.hu\/kozerdeku\/tevekenyseg\/rendeletek\/2018\/4per2018.pdf\" target=\"_blank\" rel=\"noopener\"><strong>4\/2018 (VI.14.)<\/strong> Az \u00f6nkorm\u00e1nyzat 2017. \u00e9vi k\u00f6lts\u00e9gvet\u00e9s\u00e9r\u0151l sz\u00f3l\u00f3 1\/2017. (III.02.) rendelet m\u00f3dos\u00edt\u00e1s\u00e1ra<\/a><\/p>\n<p><a href=\"https:\/\/szakald.hu\/kozerdeku\/tevekenyseg\/rendeletek\/2018\/5per2018.pdf\" target=\"_blank\" rel=\"noopener\"><strong>5\/2018 (VI.14.)<\/strong> Az \u00f6nkorm\u00e1nyzat 2018. \u00e9vi k\u00f6lts\u00e9gvet\u00e9s\u00e9r\u0151l sz\u00f3l\u00f3 1\/2018 (III.08.) rendelet m\u00f3dos\u00edt\u00e1s\u00e1ra<\/a><\/p>\n<p><a href=\"https:\/\/szakald.hu\/kozerdeku\/tevekenyseg\/rendeletek\/2018\/6per2018.pdf\" target=\"_blank\" rel=\"noopener\"><strong>6\/2018 (XI.16.)<\/strong> A szoci\u00e1lis c\u00e9l\u00fa t\u0171zifa juttat\u00e1sr\u00f3l<\/a><\/p>\n<p><a href=\"https:\/\/szakald.hu\/kozerdeku\/tevekenyseg\/rendeletek\/2018\/7per2018.pdf\" target=\"_blank\" rel=\"noopener\"><strong>7\/2018 (XII.06.)<\/strong> Az \u00f6nkorm\u00e1nyzat 2018. \u00e9vi k\u00f6lts\u00e9gvet\u00e9s\u00e9r\u0151l sz\u00f3l\u00f3 1\/2018 (III.08.) rendelet m\u00f3dos\u00edt\u00e1s\u00e1ra<\/a><\/p>\n<p><a href=\"https:\/\/szakald.hu\/kozerdeku\/tevekenyseg\/rendeletek\/2018\/8per2018.pdf\" target=\"_blank\" rel=\"noopener\"><strong>8\/2018 (XII.13.)<\/strong> A telep\u00fcl\u00e9sk\u00e9p v\u00e9delm\u00e9r\u0151l<\/a><\/p>\n<hr \/>\n<blockquote><p><strong>2017<\/strong><\/p><\/blockquote>\n<p><a href=\"https:\/\/szakald.hu\/kozerdeku\/tevekenyseg\/rendeletek\/2017\/1per2017.pdf\" target=\"_blank\" rel=\"noopener\"><strong>1\/2017 (III.02.)<\/strong> Az \u00f6nkorm\u00e1nyzat 2017. \u00e9vi k\u00f6lts\u00e9gvet\u00e9s\u00e9r\u0151l<\/a><\/p>\n<p><a href=\"https:\/\/szakald.hu\/kozerdeku\/tevekenyseg\/rendeletek\/2017\/2per2017.pdf\" target=\"_blank\" rel=\"noopener\"><strong>2\/2017 (III.17.)<\/strong> A hivatali helyis\u00e9gen k\u00edv\u00fcli, valamint a hivatali munkaid\u0151n k\u00edv\u00fcl t\u00f6rt\u00e9n\u0151 h\u00e1zass\u00e1gk\u00f6t\u00e9s teljes\u00edt\u00e9se enged\u00e9lyez\u00e9s\u00e9nek szab\u00e1lyair\u00f3l \u00e9s d\u00edjair\u00f3l<\/a><\/p>\n<p><a href=\"https:\/\/szakald.hu\/kozerdeku\/tevekenyseg\/rendeletek\/2017\/3per2017.pdf\" target=\"_blank\" rel=\"noopener\"><strong>3\/2017 (V.24.)<\/strong> A helyben keletkez\u0151 mez\u0151gazdas\u00e1gi eredet\u0171 avar, \u00e9s kerti hullad\u00e9kok \u00e9get\u00e9s\u00e9nek szab\u00e1lyair\u00f3l\u00a0<\/a><\/p>\n<p><a href=\"https:\/\/szakald.hu\/kozerdeku\/tevekenyseg\/rendeletek\/2017\/4per2017.pdf\" target=\"_blank\" rel=\"noopener\"><strong>4\/2017(V.24.)<\/strong> A hivatali helyis\u00e9gen k\u00edv\u00fcli, valamint a hivatali munkaid\u0151n k\u00edv\u00fcl t\u00f6rt\u00e9n\u0151 h\u00e1zass\u00e1gk\u00f6t\u00e9s teljes\u00edt\u00e9se enged\u00e9lyez\u00e9s\u00e9nek szab\u00e1lyair\u00f3l \u00e9s d\u00edjair\u00f3l<\/a><\/p>\n<p><a href=\"https:\/\/szakald.hu\/kozerdeku\/tevekenyseg\/rendeletek\/2017\/5per2017.pdf\" target=\"_blank\" rel=\"noopener\"><strong>5\/2017 (V.31.)<\/strong> Az \u00f6nkorm\u00e1nyzat 2016. \u00e9vi k\u00f6lts\u00e9gvet\u00e9se v\u00e9grehajt\u00e1s\u00e1r\u00f3l<\/a><\/p>\n<p><a href=\"https:\/\/szakald.hu\/kozerdeku\/tevekenyseg\/rendeletek\/2017\/6per2017.pdf\" target=\"_blank\" rel=\"noopener\"><strong>6\/2017 (VIII.17.)<\/strong> A telep\u00fcl\u00e9sfejleszt\u00e9ssel, telep\u00fcl\u00e9srendez\u00e9ssel \u00e9s telep\u00fcl\u00e9sk\u00e9p-\u00e9rv\u00e9nyes\u00edt\u00e9ssel<\/a><\/p>\n<p><a href=\"https:\/\/szakald.hu\/kozerdeku\/tevekenyseg\/rendeletek\/2017\/7per2017.pdf\" target=\"_blank\" rel=\"noopener\"><strong>7\/2017 (VIII.17.)<\/strong> A k\u00f6zszolg\u00e1lati tisztvisel\u0151k napja munkasz\u00fcneti napp\u00e1 nyilv\u00e1n\u00edt\u00e1s\u00e1r\u00f3l<\/a><\/p>\n<p><a href=\"https:\/\/szakald.hu\/kozerdeku\/tevekenyseg\/rendeletek\/2017\/8per2017.pdf\" target=\"_blank\" rel=\"noopener\"><strong>8\/2017 (VIII.17.)<\/strong> A helyi n\u00e9pszavaz\u00e1s kezdem\u00e9nyez\u00e9s\u00e9hez sz\u00fcks\u00e9ges v\u00e1laszt\u00f3polg\u00e1rok <\/a><a href=\"https:\/\/szakald.hu\/images\/docs\/jegyzokonyv\/2017\/8per2017-rendelet.pdf\" target=\"_blank\" rel=\"noopener\">sz\u00e1m\u00e1r\u00f3l<\/a><\/p>\n<p><a href=\"https:\/\/szakald.hu\/kozerdeku\/tevekenyseg\/rendeletek\/2017\/9per2017.pdf\" target=\"_blank\" rel=\"noopener\"><strong>9\/2017 (XI.16.)<\/strong> A szoci\u00e1lis c\u00e9l\u00fa t\u0171zifa juttat\u00e1sr\u00f3l<\/a><\/p>\n<p><a href=\"https:\/\/szakald.hu\/kozerdeku\/tevekenyseg\/rendeletek\/2017\/10per2017.pdf\" target=\"_blank\" rel=\"noopener\"><strong>10\/2017 (XI.16.)<\/strong> A telep\u00fcl\u00e9sk\u00e9pi bejelent\u00e9si elj\u00e1r\u00e1sr\u00f3l \u00e9s telep\u00fcl\u00e9sk\u00e9pi k\u00f6telez\u00e9sr\u0151l<\/a><\/p>\n<p><a href=\"https:\/\/szakald.hu\/kozerdeku\/tevekenyseg\/rendeletek\/2017\/11per2017.pdf\" target=\"_blank\" rel=\"noopener\"><strong>11\/2017 (XI.16.)<\/strong> A rekl\u00e1m elhelyez\u00e9sekr\u0151l<\/a><\/p>\n<hr \/>\n<blockquote><p><strong>2016<\/strong><\/p><\/blockquote>\n<p><a href=\"https:\/\/szakald.hu\/kozerdeku\/tevekenyseg\/rendeletek\/2016\/3per2016.pdf\" target=\"_blank\" rel=\"noopener\"><strong>3\/2016 (V.12.)<\/strong> Az \u00f6nkorm\u00e1nyzat 2015. \u00e9vi k\u00f6lts\u00e9gvet\u00e9se v\u00e9grehajt\u00e1s\u00e1r\u00f3l<\/a><\/p>\n<p><a href=\"https:\/\/szakald.hu\/kozerdeku\/tevekenyseg\/rendeletek\/2016\/4per2016.pdf\" target=\"_blank\" rel=\"noopener\"><strong>4\/2016 (VI.29.)<\/strong> A hullad\u00e9kgazd\u00e1lkod\u00e1si k\u00f6zszolg\u00e1ltat\u00e1sr\u00f3l<\/a><\/p>\n<p><a href=\"https:\/\/szakald.hu\/kozerdeku\/tevekenyseg\/rendeletek\/2016\/5per2016.pdf\" target=\"_blank\" rel=\"noopener\"><strong>5\/2016 (IX.15.)<\/strong> A k\u00e9pvisel\u0151-test\u00fclet Szervezeti \u00e9s M\u0171k\u00f6d\u00e9si Szab\u00e1lyzat\u00e1r\u00f3l sz\u00f3l\u00f3 5\/2014 (X.27.) rendelet m\u00f3dos\u00edt\u00e1s\u00e1ra<\/a><\/p>\n<p><a href=\"https:\/\/szakald.hu\/kozerdeku\/tevekenyseg\/rendeletek\/2016\/6per2016.pdf\" target=\"_blank\" rel=\"noopener\"><strong>6\/2016 (X.11.)<\/strong> Az eg\u00e9sz\u00e9sg\u00fcgyi alapell\u00e1t\u00e1si k\u00f6rzetek meg\u00e1llap\u00edt\u00e1s\u00e1r\u00f3l<\/a><\/p>\n<p><a href=\"https:\/\/szakald.hu\/kozerdeku\/tevekenyseg\/rendeletek\/2016\/7per2016.pdf\" target=\"_blank\" rel=\"noopener\"><strong>7\/2016 (X.11.)<\/strong> A szoci\u00e1lis c\u00e9l\u00fa t\u0171zifa juttat\u00e1sr\u00f3l<\/a><\/p>\n<p><a href=\"https:\/\/szakald.hu\/kozerdeku\/tevekenyseg\/rendeletek\/2016\/8per2016.pdf\" target=\"_blank\" rel=\"noopener\"><strong>8\/2016 (X.11.)<\/strong> A helyi \u00e9p\u00edt\u00e9si szab\u00e1lyzat m\u00f3dos\u00edt\u00e1s\u00e1ra<\/a><\/p>\n<p><a href=\"https:\/\/szakald.hu\/kozerdeku\/tevekenyseg\/rendeletek\/2016\/9per2016.pdf\" target=\"_blank\" rel=\"noopener\"><strong>9\/2016 (X.21.)<\/strong> A k\u00e9pvisel\u0151-test\u00fclet Szervezeti \u00e9s M\u0171k\u00f6d\u00e9si Szab\u00e1lyzat\u00e1r\u00f3l sz\u00f3l\u00f3 5\/2014 (X.27.) rendelet m\u00f3dos\u00edt\u00e1s\u00e1ra\u00a0<\/a><\/p>\n<p><a href=\"https:\/\/szakald.hu\/kozerdeku\/tevekenyseg\/rendeletek\/2016\/10per2016.pdf\" target=\"_blank\" rel=\"noopener\"><strong>10\/2016 (XI.30.)<\/strong> A helyi ad\u00f3kr\u00f3l sz\u00f3l\u00f3 9\/2015(IX.10.) rendelet m\u00f3dos\u00edt\u00e1s\u00e1ra<\/a><\/p>\n<hr \/>\n<blockquote><p><strong>2015<\/strong><\/p><\/blockquote>\n<p><a href=\"https:\/\/szakald.hu\/kozerdeku\/tevekenyseg\/rendeletek\/2015\/10per2015.pdf\" target=\"_blank\" rel=\"noopener\"><strong>10\/2015 (IX.10.)<\/strong> A talajterhel\u00e9si d\u00edjr\u00f3l<\/a><\/p>\n<p><a href=\"https:\/\/szakald.hu\/kozerdeku\/tevekenyseg\/rendeletek\/2015\/11per2015.pdf\" target=\"_blank\" rel=\"noopener\"><strong>11\/2015 (XII.17.)<\/strong> A szoci\u00e1lis t\u0171zifa juttat\u00e1sr\u00f3l<\/a><\/p>\n","protected":false},"excerpt":{"rendered":"<p>Nemzeti Jogszab\u00e1lyt\u00e1r \u00d6nkorm\u00e1nyzati rendeletek 2021 1\/2021.(III.11.) Az \u00f6nkorm\u00e1nyzat 2021. \u00e9vi k\u00f6lts\u00e9gvet\u00e9s\u00e9r\u0151l 2\/2021.(V.28.) Az \u00f6nkorm\u00e1nyzat 2020. \u00e9vi k\u00f6lts\u00e9gvet\u00e9s\u00e9r\u0151l sz\u00f3l\u00f3 1\/2020.(III.16.) \u00f6nkorm\u00e1nyzati rendelet m\u00f3dos\u00edt\u00e1s\u00e1r\u00f3l 3\/2021.(V.28.) A 2020.&hellip;<\/p>\n","protected":false},"author":1,"featured_media":0,"parent":0,"menu_order":0,"comment_status":"closed","ping_status":"closed","template":"","meta":{"footnotes":""},"class_list":["post-236","page","type-page","status-publish","hentry"],"_links":{"self":[{"href":"https:\/\/szakald.hu\/index.php?rest_route=\/wp\/v2\/pages\/236","targetHints":{"allow":["GET"]}}],"collection":[{"href":"https:\/\/szakald.hu\/index.php?rest_route=\/wp\/v2\/pages"}],"about":[{"href":"https:\/\/szakald.hu\/index.php?rest_route=\/wp\/v2\/types\/page"}],"author":[{"embeddable":true,"href":"https:\/\/szakald.hu\/index.php?rest_route=\/wp\/v2\/users\/1"}],"replies":[{"embeddable":true,"href":"https:\/\/szakald.hu\/index.php?rest_route=%2Fwp%2Fv2%2Fcomments&post=236"}],"version-history":[{"count":12,"href":"https:\/\/szakald.hu\/index.php?rest_route=\/wp\/v2\/pages\/236\/revisions"}],"predecessor-version":[{"id":341,"href":"https:\/\/szakald.hu\/index.php?rest_route=\/wp\/v2\/pages\/236\/revisions\/341"}],"wp:attachment":[{"href":"https:\/\/szakald.hu\/index.php?rest_route=%2Fwp%2Fv2%2Fmedia&parent=236"}],"curies":[{"name":"wp","href":"https:\/\/api.w.org\/{rel}","templated":true}]}}