{"id":294,"date":"2024-07-29T15:33:19","date_gmt":"2024-07-29T13:33:19","guid":{"rendered":"https:\/\/szakald.hu\/?page_id=294"},"modified":"2024-07-30T09:20:14","modified_gmt":"2024-07-30T07:20:14","slug":"megvalosult-onkormanyzati-epuletek-energetikai-korszerusitese-mezocsat-repashuta-nagycsecs-szakald-es-kacs-telepuleseken","status":"publish","type":"page","link":"https:\/\/szakald.hu\/?page_id=294","title":{"rendered":"MEGVAL\u00d3SULT \u00d6NKORM\u00c1NYZATI \u00c9P\u00dcLETEK ENERGETIKAI KORSZER\u0170S\u00cdT\u00c9SE MEZ\u0150CS\u00c1T, R\u00c9P\u00c1SHUTA, NAGYCS\u00c9CS, SZAK\u00c1LD \u00c9S K\u00c1CS TELEP\u00dcL\u00c9SEKEN!"},"content":{"rendered":"<p class=\"x_MsoNormal\"><b><img loading=\"lazy\" decoding=\"async\" class=\"size-medium alignright\" src=\"https:\/\/szakald.hu\/banner\/erfa_felso.png\" width=\"250\" height=\"175\" \/>TOP-3.2.1-16-BO1-2017-00041<\/b><\/p>\n<p class=\"x_MsoNormal\"><b>T\u00c1MOGAT\u00c1S \u00d6SSZEGE: 269.949.447.-<\/b><\/p>\n<p class=\"x_MsoNormal\"><b>TELJES K\u00d6LTS\u00c9G: 270.000.939.-<\/b><\/p>\n<p class=\"x_MsoNormal\"><b>PROJEKT FIZIKAI Z\u00c1R\u00c1SA: 2023.03.31.<\/b><\/p>\n<p class=\"x_MsoNormal\"><b>A projekt c\u00e9lja Mez\u0151cs\u00e1t, R\u00e9p\u00e1shuta, Nagycs\u00e9cs, Szak\u00e1ld \u00e9s K\u00e1cs telep\u00fcl\u00e9sek \u00f6nkorm\u00e1nyzatai \u00e1ltal \u00fczemeltetett \u00e9p\u00fcletek energetikai korszer\u0171s\u00edt\u00e9se, fejleszt\u00e9se. A beruh\u00e1z\u00e1st teljes eg\u00e9sz\u00e9ben a Sz\u00e9chenyi 2020 Ter\u00fclet \u00e9s Telep\u00fcl\u00e9sfejleszt\u00e9si Operat\u00edv Programb\u00f3l nyert Eur\u00f3pai Uni\u00f3s t\u00e1mogat\u00e1sa fedezi<\/b><\/p>\n<p class=\"x_gmail-normal-header\">A Ter\u00fclet- \u00e9s Telep\u00fcl\u00e9sfejleszt\u00e9si Operat\u00edv Program (TOP) strat\u00e9giai c\u00e9lja az alacsony sz\u00e9ndioxid-kibocs\u00e1t\u00e1s\u00fa gazdas\u00e1gra val\u00f3 \u00e1tt\u00e9r\u00e9s \u00f6szt\u00f6nz\u00e9se, csatlakozva a glob\u00e1lis er\u0151fesz\u00edt\u00e9sekhez, az int\u00e9zked\u00e9s \u00e1tfog\u00f3 c\u00e9lja az \u00f6nkorm\u00e1nyzati int\u00e9zm\u00e9nyek hat\u00e9konyabb energiahaszn\u00e1lat\u00e1nak, racion\u00e1lisabb energiagazd\u00e1lkod\u00e1s\u00e1nak el\u0151seg\u00edt\u00e9se.<\/p>\n<p class=\"x_gmail-normal-header\">A napokban z\u00e1rul\u00f3 beruh\u00e1z\u00e1s sor\u00e1n a projektben r\u00e9szt vev\u0151 \u00d6nkorm\u00e1nyzatok tulajdon\u00e1ban \u00e1ll\u00f3, \u00f6sszesen 7 db \u00f6n\u00e1ll\u00f3 energetikai rendszerrel rendelkez\u0151 \u00e9p\u00fclet energetikai korszer\u0171s\u00edt\u00e9se val\u00f3sult meg konzorciumi egy\u00fcttm\u0171k\u00f6d\u00e9s keret\u00e9n bel\u00fcl. Energetikai korszer\u0171s\u00edt\u00e9sre ker\u00fclt:<\/p>\n<p class=\"x_gmail-normal-header\">Mez\u0151cs\u00e1ti Egressy B\u00e9ni \u00c1ltal\u00e1nos Iskola \u00e9p\u00fclete<br \/>\nMez\u0151cs\u00e1ti Egressy B\u00e9ni \u00c1ltal\u00e1nos Iskola tornaterem \u00e9p\u00fclete<br \/>\nMez\u0151cs\u00e1ti Egressy B\u00e9ni \u00c1ltal\u00e1nos Iskola pedag\u00f3giai \u00e9p\u00fclet<br \/>\nR\u00e9p\u00e1shuta, B\u00fckki Szlov\u00e1k Nemzetis\u00e9gi \u00c1ltal\u00e1nos Iskola R\u00e9p\u00e1shutai Tagiskol\u00e1j\u00e1nak \u00e9p\u00fclete<br \/>\nNagycs\u00e9csi Micimack\u00f3 \u00d3voda \u00e9p\u00fclete<br \/>\nSzak\u00e1ldi Orvosi Rendel\u0151 \u00e9p\u00fclete<br \/>\nK\u00e1csi Orvosi Rendel\u0151 \u00e9p\u00fclete<\/p>\n<p class=\"x_gmail-normal-header\">A p\u00e1ly\u00e1zat keret\u00e9n bel\u00fcl az itt felsorolt \u00e9p\u00fcletek k\u00fcls\u0151 hat\u00e1rol\u00f3 szerkezeteinek korszer\u0171s\u00edt\u00e9se (ut\u00f3lagos homlokzati \u00e9s f\u00f6d\u00e9m h\u0151szigetel\u00e9s, ny\u00edl\u00e1sz\u00e1r\u00f3k cser\u00e9je vagy korszer\u0171s\u00edt\u00e9se), f\u0171t\u00e9si, haszn\u00e1lati melegv\u00edz rendszerek korszer\u0171s\u00edt\u00e9se val\u00f3sult meg. Az \u00e9p\u00fcleteken napelemes rendszerek telep\u00edt\u00e9s\u00e9vel lett biztos\u00edtva a meg\u00fajul\u00f3 energia haszn\u00e1lata, a k\u00f6rnyezetterhel\u00e9s cs\u00f6kkent\u00e9se.<\/p>\n<p class=\"x_gmail-normal-header\">A hamarosan befejez\u0151d\u0151 fejleszt\u00e9ssel a projektben r\u00e9szt vev\u0151 \u00d6nkorm\u00e1nyzatok hozz\u00e1j\u00e1rulnak az \u00e9p\u00fcletek gazdas\u00e1gosabb fenntart\u00e1s\u00e1hoz, egys\u00e9ges telep\u00fcl\u00e9sk\u00e9p l\u00e9trehoz\u00e1s\u00e1hoz, a telep\u00fcl\u00e9s lakoss\u00e1ga szempontj\u00e1b\u00f3l egy \u00e9lhet\u0151bb k\u00f6rnyezet kialak\u00edt\u00e1s\u00e1hoz, valamint az \u00e9rintett \u00e9p\u00fcletekben l\u00e9v\u0151 szolg\u00e1ltat\u00e1sok sz\u00ednvonal\u00e1nak emel\u00e9s\u00e9hez. Mivel az \u00e9p\u00fcletek a nagyk\u00f6z\u00f6ns\u00e9g sz\u00e1m\u00e1ra l\u00e1togathat\u00f3ak lesznek, ez nagy m\u00e9rt\u00e9kben el\u0151seg\u00edti a szeml\u00e9letform\u00e1l\u00e1st, a m\u0171szaki inform\u00e1ci\u00f3k, tapasztalatok terjeszt\u00e9s\u00e9t, mely szint\u00e9n a program egyik feladata.<\/p>\n<p class=\"x_gmail-normal-header\">A projekt finansz\u00edroz\u00e1sa az Eur\u00f3pai Uni\u00f3 t\u00e1mogat\u00e1s\u00e1val, az Eur\u00f3pai Region\u00e1lis Fejleszt\u00e9si Alap T\u00e1rsfinansz\u00edroz\u00e1s\u00e1val, a Ter\u00fclet \u00e9s Telep\u00fcl\u00e9sfejleszt\u00e9si Operat\u00edv Program keret\u00e9n bel\u00fcl val\u00f3sult meg.<\/p>\n<p><a href=\"https:\/\/szakald.hu\/palyazatok\/2020_onkep\/002.jpg\" target=\"_blank\" rel=\"noopener\"><img loading=\"lazy\" decoding=\"async\" class=\"alignnone\" src=\"https:\/\/szakald.hu\/palyazatok\/2020_onkep\/002.jpg\" alt=\"\" width=\"200\" height=\"266\" \/><\/a> <a href=\"https:\/\/szakald.hu\/palyazatok\/2020_onkep\/003.jpg\" target=\"_blank\" rel=\"noopener\"><img loading=\"lazy\" decoding=\"async\" class=\"alignnone\" src=\"https:\/\/szakald.hu\/palyazatok\/2020_onkep\/003.jpg\" alt=\"\" width=\"200\" height=\"267\" \/><\/a><\/p>\n","protected":false},"excerpt":{"rendered":"<p>TOP-3.2.1-16-BO1-2017-00041 T\u00c1MOGAT\u00c1S \u00d6SSZEGE: 269.949.447.- TELJES K\u00d6LTS\u00c9G: 270.000.939.- PROJEKT FIZIKAI Z\u00c1R\u00c1SA: 2023.03.31. A projekt c\u00e9lja Mez\u0151cs\u00e1t, R\u00e9p\u00e1shuta, Nagycs\u00e9cs, Szak\u00e1ld \u00e9s K\u00e1cs telep\u00fcl\u00e9sek \u00f6nkorm\u00e1nyzatai \u00e1ltal \u00fczemeltetett \u00e9p\u00fcletek&hellip;<\/p>\n","protected":false},"author":1,"featured_media":0,"parent":0,"menu_order":0,"comment_status":"closed","ping_status":"closed","template":"","meta":{"footnotes":""},"class_list":["post-294","page","type-page","status-publish","hentry"],"_links":{"self":[{"href":"https:\/\/szakald.hu\/index.php?rest_route=\/wp\/v2\/pages\/294","targetHints":{"allow":["GET"]}}],"collection":[{"href":"https:\/\/szakald.hu\/index.php?rest_route=\/wp\/v2\/pages"}],"about":[{"href":"https:\/\/szakald.hu\/index.php?rest_route=\/wp\/v2\/types\/page"}],"author":[{"embeddable":true,"href":"https:\/\/szakald.hu\/index.php?rest_route=\/wp\/v2\/users\/1"}],"replies":[{"embeddable":true,"href":"https:\/\/szakald.hu\/index.php?rest_route=%2Fwp%2Fv2%2Fcomments&post=294"}],"version-history":[{"count":4,"href":"https:\/\/szakald.hu\/index.php?rest_route=\/wp\/v2\/pages\/294\/revisions"}],"predecessor-version":[{"id":305,"href":"https:\/\/szakald.hu\/index.php?rest_route=\/wp\/v2\/pages\/294\/revisions\/305"}],"wp:attachment":[{"href":"https:\/\/szakald.hu\/index.php?rest_route=%2Fwp%2Fv2%2Fmedia&parent=294"}],"curies":[{"name":"wp","href":"https:\/\/api.w.org\/{rel}","templated":true}]}}